{"id":88853,"date":"2025-03-25T17:25:17","date_gmt":"2025-03-25T21:25:17","guid":{"rendered":"https:\/\/www.tourisme-monteregie.qc.ca\/event\/regates-de-valleyfield\/"},"modified":"2026-04-02T00:01:02","modified_gmt":"2026-04-02T04:01:02","slug":"regates-de-valleyfield","status":"publish","type":"cpt_event","link":"https:\/\/www.tourisme-monteregie.qc.ca\/en\/event\/regates-de-valleyfield\/","title":{"rendered":"R\u00c9GATES DE VALLEYFIELD"},"content":{"rendered":"<p>This world-class sports and culture festival presents hydroplane races featuring eight boat categories and top speeds of 250 km\/h (155 mph). On the program: racing and evenings of entertainment.<\/p>\n","protected":false},"excerpt":{"rendered":"<p>This world-class sports and culture festival presents hydroplane races featuring eight boat categories and top speeds of 250 km\/h (155 mph). On the program: racing and evenings of entertainment.<\/p>\n","protected":false},"parent":0,"menu_order":2035,"template":"","ctx_event-featured-month":[],"ctx_member-type":[],"event-categorie":[1075],"class_list":["post-88853","cpt_event","type-cpt_event","status-publish","hentry","event-categorie-festivals-and-events"],"acf":{"syndic_object_id":"EVENMTOV500OM7","updated_date":"2026-04-01T19:55:55","images":[{"ID":102795,"id":102795,"title":"estrades-GP-2-750x562-1","filename":"estrades-GP-2-750x562-1.jpg","filesize":97804,"url":"https:\/\/www.tourisme-monteregie.qc.ca\/wp-content\/uploads\/2025\/03\/estrades-GP-2-750x562-1.jpg","link":"https:\/\/www.tourisme-monteregie.qc.ca\/en\/event\/regates-de-valleyfield\/attachment\/estrades-gp-2-750x562-1\/","alt":"","author":"0","description":"","caption":"","name":"estrades-gp-2-750x562-1","status":"inherit","uploaded_to":88853,"date":"2026-03-06 04:01:03","modified":"2026-04-08 15:04:40","menu_order":0,"mime_type":"image\/jpeg","type":"image","subtype":"jpeg","icon":"https:\/\/www.tourisme-monteregie.qc.ca\/wp-includes\/images\/media\/default.png","width":750,"height":562,"sizes":{"thumbnail":"https:\/\/www.tourisme-monteregie.qc.ca\/wp-content\/uploads\/2025\/03\/estrades-GP-2-750x562-1-150x150.jpg","thumbnail-width":150,"thumbnail-height":150,"medium":"https:\/\/www.tourisme-monteregie.qc.ca\/wp-content\/uploads\/2025\/03\/estrades-GP-2-750x562-1-300x225.jpg","medium-width":300,"medium-height":225,"medium_large":"https:\/\/www.tourisme-monteregie.qc.ca\/wp-content\/uploads\/2025\/03\/estrades-GP-2-750x562-1.jpg","medium_large-width":750,"medium_large-height":562,"large":"https:\/\/www.tourisme-monteregie.qc.ca\/wp-content\/uploads\/2025\/03\/estrades-GP-2-750x562-1.jpg","large-width":750,"large-height":562,"1536x1536":"https:\/\/www.tourisme-monteregie.qc.ca\/wp-content\/uploads\/2025\/03\/estrades-GP-2-750x562-1.jpg","1536x1536-width":750,"1536x1536-height":562,"2048x2048":"https:\/\/www.tourisme-monteregie.qc.ca\/wp-content\/uploads\/2025\/03\/estrades-GP-2-750x562-1.jpg","2048x2048-width":750,"2048x2048-height":562,"post-thumb":"https:\/\/www.tourisme-monteregie.qc.ca\/wp-content\/uploads\/2025\/03\/estrades-GP-2-750x562-1-275x206.jpg","post-thumb-width":275,"post-thumb-height":206,"imgBannerPopup":"https:\/\/www.tourisme-monteregie.qc.ca\/wp-content\/uploads\/2025\/03\/estrades-GP-2-750x562-1.jpg","imgBannerPopup-width":750,"imgBannerPopup-height":562,"imgBanner":"https:\/\/www.tourisme-monteregie.qc.ca\/wp-content\/uploads\/2025\/03\/estrades-GP-2-750x562-1.jpg","imgBanner-width":750,"imgBanner-height":562,"imgBannerFull":"https:\/\/www.tourisme-monteregie.qc.ca\/wp-content\/uploads\/2025\/03\/estrades-GP-2-750x562-1.jpg","imgBannerFull-width":750,"imgBannerFull-height":562,"imgBannerMobile":"https:\/\/www.tourisme-monteregie.qc.ca\/wp-content\/uploads\/2025\/03\/estrades-GP-2-750x562-1-650x562.jpg","imgBannerMobile-width":650,"imgBannerMobile-height":562,"imgBannerMobileSmall":"https:\/\/www.tourisme-monteregie.qc.ca\/wp-content\/uploads\/2025\/03\/estrades-GP-2-750x562-1-400x400.jpg","imgBannerMobileSmall-width":400,"imgBannerMobileSmall-height":400,"imgMember":"https:\/\/www.tourisme-monteregie.qc.ca\/wp-content\/uploads\/2025\/03\/estrades-GP-2-750x562-1.jpg","imgMember-width":750,"imgMember-height":562,"imgMemberSmall":"https:\/\/www.tourisme-monteregie.qc.ca\/wp-content\/uploads\/2025\/03\/estrades-GP-2-750x562-1-376x282.jpg","imgMemberSmall-width":376,"imgMemberSmall-height":282,"imgTeam":"https:\/\/www.tourisme-monteregie.qc.ca\/wp-content\/uploads\/2025\/03\/estrades-GP-2-750x562-1-540x400.jpg","imgTeam-width":540,"imgTeam-height":400,"imgTeamSmall":"https:\/\/www.tourisme-monteregie.qc.ca\/wp-content\/uploads\/2025\/03\/estrades-GP-2-750x562-1-267x200.jpg","imgTeamSmall-width":267,"imgTeamSmall-height":200,"gform-image-choice-sm":"https:\/\/www.tourisme-monteregie.qc.ca\/wp-content\/uploads\/2025\/03\/estrades-GP-2-750x562-1.jpg","gform-image-choice-sm-width":300,"gform-image-choice-sm-height":225,"gform-image-choice-md":"https:\/\/www.tourisme-monteregie.qc.ca\/wp-content\/uploads\/2025\/03\/estrades-GP-2-750x562-1.jpg","gform-image-choice-md-width":400,"gform-image-choice-md-height":300,"gform-image-choice-lg":"https:\/\/www.tourisme-monteregie.qc.ca\/wp-content\/uploads\/2025\/03\/estrades-GP-2-750x562-1.jpg","gform-image-choice-lg-width":600,"gform-image-choice-lg-height":450}},{"ID":102797,"id":102797,"title":"Depart-Grand-Prix-2-750x562-1","filename":"Depart-Grand-Prix-2-750x562-1.jpg","filesize":90519,"url":"https:\/\/www.tourisme-monteregie.qc.ca\/wp-content\/uploads\/2025\/03\/Depart-Grand-Prix-2-750x562-1.jpg","link":"https:\/\/www.tourisme-monteregie.qc.ca\/en\/event\/regates-de-valleyfield\/attachment\/depart-grand-prix-2-750x562-1\/","alt":"","author":"0","description":"","caption":"","name":"depart-grand-prix-2-750x562-1","status":"inherit","uploaded_to":88853,"date":"2026-03-06 04:01:04","modified":"2026-04-08 15:04:40","menu_order":0,"mime_type":"image\/jpeg","type":"image","subtype":"jpeg","icon":"https:\/\/www.tourisme-monteregie.qc.ca\/wp-includes\/images\/media\/default.png","width":750,"height":562,"sizes":{"thumbnail":"https:\/\/www.tourisme-monteregie.qc.ca\/wp-content\/uploads\/2025\/03\/Depart-Grand-Prix-2-750x562-1-150x150.jpg","thumbnail-width":150,"thumbnail-height":150,"medium":"https:\/\/www.tourisme-monteregie.qc.ca\/wp-content\/uploads\/2025\/03\/Depart-Grand-Prix-2-750x562-1-300x225.jpg","medium-width":300,"medium-height":225,"medium_large":"https:\/\/www.tourisme-monteregie.qc.ca\/wp-content\/uploads\/2025\/03\/Depart-Grand-Prix-2-750x562-1.jpg","medium_large-width":750,"medium_large-height":562,"large":"https:\/\/www.tourisme-monteregie.qc.ca\/wp-content\/uploads\/2025\/03\/Depart-Grand-Prix-2-750x562-1.jpg","large-width":750,"large-height":562,"1536x1536":"https:\/\/www.tourisme-monteregie.qc.ca\/wp-content\/uploads\/2025\/03\/Depart-Grand-Prix-2-750x562-1.jpg","1536x1536-width":750,"1536x1536-height":562,"2048x2048":"https:\/\/www.tourisme-monteregie.qc.ca\/wp-content\/uploads\/2025\/03\/Depart-Grand-Prix-2-750x562-1.jpg","2048x2048-width":750,"2048x2048-height":562,"post-thumb":"https:\/\/www.tourisme-monteregie.qc.ca\/wp-content\/uploads\/2025\/03\/Depart-Grand-Prix-2-750x562-1-275x206.jpg","post-thumb-width":275,"post-thumb-height":206,"imgBannerPopup":"https:\/\/www.tourisme-monteregie.qc.ca\/wp-content\/uploads\/2025\/03\/Depart-Grand-Prix-2-750x562-1.jpg","imgBannerPopup-width":750,"imgBannerPopup-height":562,"imgBanner":"https:\/\/www.tourisme-monteregie.qc.ca\/wp-content\/uploads\/2025\/03\/Depart-Grand-Prix-2-750x562-1.jpg","imgBanner-width":750,"imgBanner-height":562,"imgBannerFull":"https:\/\/www.tourisme-monteregie.qc.ca\/wp-content\/uploads\/2025\/03\/Depart-Grand-Prix-2-750x562-1.jpg","imgBannerFull-width":750,"imgBannerFull-height":562,"imgBannerMobile":"https:\/\/www.tourisme-monteregie.qc.ca\/wp-content\/uploads\/2025\/03\/Depart-Grand-Prix-2-750x562-1-650x562.jpg","imgBannerMobile-width":650,"imgBannerMobile-height":562,"imgBannerMobileSmall":"https:\/\/www.tourisme-monteregie.qc.ca\/wp-content\/uploads\/2025\/03\/Depart-Grand-Prix-2-750x562-1-400x400.jpg","imgBannerMobileSmall-width":400,"imgBannerMobileSmall-height":400,"imgMember":"https:\/\/www.tourisme-monteregie.qc.ca\/wp-content\/uploads\/2025\/03\/Depart-Grand-Prix-2-750x562-1.jpg","imgMember-width":750,"imgMember-height":562,"imgMemberSmall":"https:\/\/www.tourisme-monteregie.qc.ca\/wp-content\/uploads\/2025\/03\/Depart-Grand-Prix-2-750x562-1-376x282.jpg","imgMemberSmall-width":376,"imgMemberSmall-height":282,"imgTeam":"https:\/\/www.tourisme-monteregie.qc.ca\/wp-content\/uploads\/2025\/03\/Depart-Grand-Prix-2-750x562-1-540x400.jpg","imgTeam-width":540,"imgTeam-height":400,"imgTeamSmall":"https:\/\/www.tourisme-monteregie.qc.ca\/wp-content\/uploads\/2025\/03\/Depart-Grand-Prix-2-750x562-1-267x200.jpg","imgTeamSmall-width":267,"imgTeamSmall-height":200,"gform-image-choice-sm":"https:\/\/www.tourisme-monteregie.qc.ca\/wp-content\/uploads\/2025\/03\/Depart-Grand-Prix-2-750x562-1.jpg","gform-image-choice-sm-width":300,"gform-image-choice-sm-height":225,"gform-image-choice-md":"https:\/\/www.tourisme-monteregie.qc.ca\/wp-content\/uploads\/2025\/03\/Depart-Grand-Prix-2-750x562-1.jpg","gform-image-choice-md-width":400,"gform-image-choice-md-height":300,"gform-image-choice-lg":"https:\/\/www.tourisme-monteregie.qc.ca\/wp-content\/uploads\/2025\/03\/Depart-Grand-Prix-2-750x562-1.jpg","gform-image-choice-lg-width":600,"gform-image-choice-lg-height":450}},{"ID":102799,"id":102799,"title":"21juin-750x562-1","filename":"21juin-750x562-1.jpg","filesize":123062,"url":"https:\/\/www.tourisme-monteregie.qc.ca\/wp-content\/uploads\/2025\/03\/21juin-750x562-1.jpg","link":"https:\/\/www.tourisme-monteregie.qc.ca\/en\/event\/regates-de-valleyfield\/attachment\/21juin-750x562-1\/","alt":"","author":"0","description":"","caption":"","name":"21juin-750x562-1","status":"inherit","uploaded_to":88853,"date":"2026-03-06 04:01:05","modified":"2026-04-08 15:04:40","menu_order":0,"mime_type":"image\/jpeg","type":"image","subtype":"jpeg","icon":"https:\/\/www.tourisme-monteregie.qc.ca\/wp-includes\/images\/media\/default.png","width":750,"height":562,"sizes":{"thumbnail":"https:\/\/www.tourisme-monteregie.qc.ca\/wp-content\/uploads\/2025\/03\/21juin-750x562-1-150x150.jpg","thumbnail-width":150,"thumbnail-height":150,"medium":"https:\/\/www.tourisme-monteregie.qc.ca\/wp-content\/uploads\/2025\/03\/21juin-750x562-1-300x225.jpg","medium-width":300,"medium-height":225,"medium_large":"https:\/\/www.tourisme-monteregie.qc.ca\/wp-content\/uploads\/2025\/03\/21juin-750x562-1.jpg","medium_large-width":750,"medium_large-height":562,"large":"https:\/\/www.tourisme-monteregie.qc.ca\/wp-content\/uploads\/2025\/03\/21juin-750x562-1.jpg","large-width":750,"large-height":562,"1536x1536":"https:\/\/www.tourisme-monteregie.qc.ca\/wp-content\/uploads\/2025\/03\/21juin-750x562-1.jpg","1536x1536-width":750,"1536x1536-height":562,"2048x2048":"https:\/\/www.tourisme-monteregie.qc.ca\/wp-content\/uploads\/2025\/03\/21juin-750x562-1.jpg","2048x2048-width":750,"2048x2048-height":562,"post-thumb":"https:\/\/www.tourisme-monteregie.qc.ca\/wp-content\/uploads\/2025\/03\/21juin-750x562-1-275x206.jpg","post-thumb-width":275,"post-thumb-height":206,"imgBannerPopup":"https:\/\/www.tourisme-monteregie.qc.ca\/wp-content\/uploads\/2025\/03\/21juin-750x562-1.jpg","imgBannerPopup-width":750,"imgBannerPopup-height":562,"imgBanner":"https:\/\/www.tourisme-monteregie.qc.ca\/wp-content\/uploads\/2025\/03\/21juin-750x562-1.jpg","imgBanner-width":750,"imgBanner-height":562,"imgBannerFull":"https:\/\/www.tourisme-monteregie.qc.ca\/wp-content\/uploads\/2025\/03\/21juin-750x562-1.jpg","imgBannerFull-width":750,"imgBannerFull-height":562,"imgBannerMobile":"https:\/\/www.tourisme-monteregie.qc.ca\/wp-content\/uploads\/2025\/03\/21juin-750x562-1-650x562.jpg","imgBannerMobile-width":650,"imgBannerMobile-height":562,"imgBannerMobileSmall":"https:\/\/www.tourisme-monteregie.qc.ca\/wp-content\/uploads\/2025\/03\/21juin-750x562-1-400x400.jpg","imgBannerMobileSmall-width":400,"imgBannerMobileSmall-height":400,"imgMember":"https:\/\/www.tourisme-monteregie.qc.ca\/wp-content\/uploads\/2025\/03\/21juin-750x562-1.jpg","imgMember-width":750,"imgMember-height":562,"imgMemberSmall":"https:\/\/www.tourisme-monteregie.qc.ca\/wp-content\/uploads\/2025\/03\/21juin-750x562-1-376x282.jpg","imgMemberSmall-width":376,"imgMemberSmall-height":282,"imgTeam":"https:\/\/www.tourisme-monteregie.qc.ca\/wp-content\/uploads\/2025\/03\/21juin-750x562-1-540x400.jpg","imgTeam-width":540,"imgTeam-height":400,"imgTeamSmall":"https:\/\/www.tourisme-monteregie.qc.ca\/wp-content\/uploads\/2025\/03\/21juin-750x562-1-267x200.jpg","imgTeamSmall-width":267,"imgTeamSmall-height":200,"gform-image-choice-sm":"https:\/\/www.tourisme-monteregie.qc.ca\/wp-content\/uploads\/2025\/03\/21juin-750x562-1.jpg","gform-image-choice-sm-width":300,"gform-image-choice-sm-height":225,"gform-image-choice-md":"https:\/\/www.tourisme-monteregie.qc.ca\/wp-content\/uploads\/2025\/03\/21juin-750x562-1.jpg","gform-image-choice-md-width":400,"gform-image-choice-md-height":300,"gform-image-choice-lg":"https:\/\/www.tourisme-monteregie.qc.ca\/wp-content\/uploads\/2025\/03\/21juin-750x562-1.jpg","gform-image-choice-lg-width":600,"gform-image-choice-lg-height":450}},{"ID":102801,"id":102801,"title":"340159807-2142330485960849-2516118001233581494-n-750x562-1","filename":"340159807-2142330485960849-2516118001233581494-n-750x562-1.jpg","filesize":71071,"url":"https:\/\/www.tourisme-monteregie.qc.ca\/wp-content\/uploads\/2025\/03\/340159807-2142330485960849-2516118001233581494-n-750x562-1.jpg","link":"https:\/\/www.tourisme-monteregie.qc.ca\/en\/event\/regates-de-valleyfield\/attachment\/340159807-2142330485960849-2516118001233581494-n-750x562-1\/","alt":"","author":"0","description":"","caption":"","name":"340159807-2142330485960849-2516118001233581494-n-750x562-1","status":"inherit","uploaded_to":88853,"date":"2026-03-06 04:01:07","modified":"2026-04-08 15:04:40","menu_order":0,"mime_type":"image\/jpeg","type":"image","subtype":"jpeg","icon":"https:\/\/www.tourisme-monteregie.qc.ca\/wp-includes\/images\/media\/default.png","width":750,"height":562,"sizes":{"thumbnail":"https:\/\/www.tourisme-monteregie.qc.ca\/wp-content\/uploads\/2025\/03\/340159807-2142330485960849-2516118001233581494-n-750x562-1-150x150.jpg","thumbnail-width":150,"thumbnail-height":150,"medium":"https:\/\/www.tourisme-monteregie.qc.ca\/wp-content\/uploads\/2025\/03\/340159807-2142330485960849-2516118001233581494-n-750x562-1-300x225.jpg","medium-width":300,"medium-height":225,"medium_large":"https:\/\/www.tourisme-monteregie.qc.ca\/wp-content\/uploads\/2025\/03\/340159807-2142330485960849-2516118001233581494-n-750x562-1.jpg","medium_large-width":750,"medium_large-height":562,"large":"https:\/\/www.tourisme-monteregie.qc.ca\/wp-content\/uploads\/2025\/03\/340159807-2142330485960849-2516118001233581494-n-750x562-1.jpg","large-width":750,"large-height":562,"1536x1536":"https:\/\/www.tourisme-monteregie.qc.ca\/wp-content\/uploads\/2025\/03\/340159807-2142330485960849-2516118001233581494-n-750x562-1.jpg","1536x1536-width":750,"1536x1536-height":562,"2048x2048":"https:\/\/www.tourisme-monteregie.qc.ca\/wp-content\/uploads\/2025\/03\/340159807-2142330485960849-2516118001233581494-n-750x562-1.jpg","2048x2048-width":750,"2048x2048-height":562,"post-thumb":"https:\/\/www.tourisme-monteregie.qc.ca\/wp-content\/uploads\/2025\/03\/340159807-2142330485960849-2516118001233581494-n-750x562-1-275x206.jpg","post-thumb-width":275,"post-thumb-height":206,"imgBannerPopup":"https:\/\/www.tourisme-monteregie.qc.ca\/wp-content\/uploads\/2025\/03\/340159807-2142330485960849-2516118001233581494-n-750x562-1.jpg","imgBannerPopup-width":750,"imgBannerPopup-height":562,"imgBanner":"https:\/\/www.tourisme-monteregie.qc.ca\/wp-content\/uploads\/2025\/03\/340159807-2142330485960849-2516118001233581494-n-750x562-1.jpg","imgBanner-width":750,"imgBanner-height":562,"imgBannerFull":"https:\/\/www.tourisme-monteregie.qc.ca\/wp-content\/uploads\/2025\/03\/340159807-2142330485960849-2516118001233581494-n-750x562-1.jpg","imgBannerFull-width":750,"imgBannerFull-height":562,"imgBannerMobile":"https:\/\/www.tourisme-monteregie.qc.ca\/wp-content\/uploads\/2025\/03\/340159807-2142330485960849-2516118001233581494-n-750x562-1-650x562.jpg","imgBannerMobile-width":650,"imgBannerMobile-height":562,"imgBannerMobileSmall":"https:\/\/www.tourisme-monteregie.qc.ca\/wp-content\/uploads\/2025\/03\/340159807-2142330485960849-2516118001233581494-n-750x562-1-400x400.jpg","imgBannerMobileSmall-width":400,"imgBannerMobileSmall-height":400,"imgMember":"https:\/\/www.tourisme-monteregie.qc.ca\/wp-content\/uploads\/2025\/03\/340159807-2142330485960849-2516118001233581494-n-750x562-1.jpg","imgMember-width":750,"imgMember-height":562,"imgMemberSmall":"https:\/\/www.tourisme-monteregie.qc.ca\/wp-content\/uploads\/2025\/03\/340159807-2142330485960849-2516118001233581494-n-750x562-1-376x282.jpg","imgMemberSmall-width":376,"imgMemberSmall-height":282,"imgTeam":"https:\/\/www.tourisme-monteregie.qc.ca\/wp-content\/uploads\/2025\/03\/340159807-2142330485960849-2516118001233581494-n-750x562-1-540x400.jpg","imgTeam-width":540,"imgTeam-height":400,"imgTeamSmall":"https:\/\/www.tourisme-monteregie.qc.ca\/wp-content\/uploads\/2025\/03\/340159807-2142330485960849-2516118001233581494-n-750x562-1-267x200.jpg","imgTeamSmall-width":267,"imgTeamSmall-height":200,"gform-image-choice-sm":"https:\/\/www.tourisme-monteregie.qc.ca\/wp-content\/uploads\/2025\/03\/340159807-2142330485960849-2516118001233581494-n-750x562-1.jpg","gform-image-choice-sm-width":300,"gform-image-choice-sm-height":225,"gform-image-choice-md":"https:\/\/www.tourisme-monteregie.qc.ca\/wp-content\/uploads\/2025\/03\/340159807-2142330485960849-2516118001233581494-n-750x562-1.jpg","gform-image-choice-md-width":400,"gform-image-choice-md-height":300,"gform-image-choice-lg":"https:\/\/www.tourisme-monteregie.qc.ca\/wp-content\/uploads\/2025\/03\/340159807-2142330485960849-2516118001233581494-n-750x562-1.jpg","gform-image-choice-lg-width":600,"gform-image-choice-lg-height":450}}],"website":"http:\/\/www.regatesvalleyfield.com","phones":"450 371-6144","social_medias":{"facebook":"http:\/\/www.facebook.com\/regatesvalleyfield","flickr":"","instagram":"","pinterest":"","tripadvisor":"","twitter":"","youtube":""},"date":"July 3 to July 12, 2026"},"featured_image_urls_v2":{"full":"","thumbnail":"","medium":"","medium_large":"","large":"","1536x1536":"","2048x2048":"","post-thumb":"","imgBannerPopup":"","imgBanner":"","imgBannerFull":"","imgBannerMobile":"","imgBannerMobileSmall":"","imgMember":"","imgMemberSmall":"","imgTeam":"","imgTeamSmall":"","gform-image-choice-sm":"","gform-image-choice-md":"","gform-image-choice-lg":""},"post_excerpt_stackable_v2":"<p>This world-class sports and culture festival presents hydroplane races featuring eight boat categories and top speeds of 250 km\/h (155 mph). On the program: racing and evenings of entertainment.<\/p>\n","category_list_v2":"","author_info_v2":{"name":"","url":""},"comments_num_v2":"0 comments","yoast_head":"<!-- This site is optimized with the Yoast SEO plugin v27.4 - https:\/\/yoast.com\/product\/yoast-seo-wordpress\/ -->\n<title>R\u00c9GATES DE VALLEYFIELD | Tourisme Mont\u00e9r\u00e9gie<\/title>\n<meta name=\"description\" content=\"This world-class sports and culture festival presents hydroplane races featuring eight boat categories and top speeds of 250 km\/h (155 mph). On the\" \/>\n<meta name=\"robots\" content=\"index, follow, max-snippet:-1, max-image-preview:large, max-video-preview:-1\" \/>\n<link rel=\"canonical\" href=\"https:\/\/www.tourisme-monteregie.qc.ca\/en\/event\/regates-de-valleyfield\/\" \/>\n<meta property=\"og:locale\" content=\"en_US\" \/>\n<meta property=\"og:type\" content=\"article\" \/>\n<meta property=\"og:title\" content=\"R\u00c9GATES DE VALLEYFIELD | Tourisme Mont\u00e9r\u00e9gie\" \/>\n<meta property=\"og:description\" content=\"This world-class sports and culture festival presents hydroplane races featuring eight boat categories and top speeds of 250 km\/h (155 mph). On the\" \/>\n<meta property=\"og:url\" content=\"https:\/\/www.tourisme-monteregie.qc.ca\/en\/event\/regates-de-valleyfield\/\" \/>\n<meta property=\"og:site_name\" content=\"Tourisme Mont\u00e9r\u00e9gie\" \/>\n<meta property=\"article:publisher\" content=\"https:\/\/www.facebook.com\/tourisme.monteregie\" \/>\n<meta property=\"article:modified_time\" content=\"2026-04-02T04:01:02+00:00\" \/>\n<meta property=\"og:image\" content=\"https:\/\/www.tourisme-monteregie.qc.ca\/wp-content\/uploads\/2025\/02\/share-facebook.png\" \/>\n\t<meta property=\"og:image:width\" content=\"1200\" \/>\n\t<meta property=\"og:image:height\" content=\"630\" \/>\n\t<meta property=\"og:image:type\" content=\"image\/png\" \/>\n<meta name=\"twitter:card\" content=\"summary_large_image\" \/>\n<meta name=\"twitter:site\" content=\"@tourmonteregie\" \/>\n<script type=\"application\/ld+json\" class=\"yoast-schema-graph\">{\"@context\":\"https:\\\/\\\/schema.org\",\"@graph\":[{\"@type\":\"WebPage\",\"@id\":\"https:\\\/\\\/www.tourisme-monteregie.qc.ca\\\/en\\\/event\\\/regates-de-valleyfield\\\/\",\"url\":\"https:\\\/\\\/www.tourisme-monteregie.qc.ca\\\/en\\\/event\\\/regates-de-valleyfield\\\/\",\"name\":\"R\u00c9GATES DE VALLEYFIELD | Tourisme Mont\u00e9r\u00e9gie\",\"isPartOf\":{\"@id\":\"https:\\\/\\\/www.tourisme-monteregie.qc.ca\\\/en\\\/#website\"},\"datePublished\":\"2025-03-25T21:25:17+00:00\",\"dateModified\":\"2026-04-02T04:01:02+00:00\",\"description\":\"This world-class sports and culture festival presents hydroplane races featuring eight boat categories and top speeds of 250 km\\\/h (155 mph). On the\",\"breadcrumb\":{\"@id\":\"https:\\\/\\\/www.tourisme-monteregie.qc.ca\\\/en\\\/event\\\/regates-de-valleyfield\\\/#breadcrumb\"},\"inLanguage\":\"en-CA\",\"potentialAction\":[{\"@type\":\"ReadAction\",\"target\":[\"https:\\\/\\\/www.tourisme-monteregie.qc.ca\\\/en\\\/event\\\/regates-de-valleyfield\\\/\"]}]},{\"@type\":\"BreadcrumbList\",\"@id\":\"https:\\\/\\\/www.tourisme-monteregie.qc.ca\\\/en\\\/event\\\/regates-de-valleyfield\\\/#breadcrumb\",\"itemListElement\":[{\"@type\":\"ListItem\",\"position\":1,\"name\":\"Accueil\",\"item\":\"https:\\\/\\\/www.tourisme-monteregie.qc.ca\\\/en\\\/accueil\\\/\"},{\"@type\":\"ListItem\",\"position\":2,\"name\":\"R\u00c9GATES DE VALLEYFIELD\"}]},{\"@type\":\"WebSite\",\"@id\":\"https:\\\/\\\/www.tourisme-monteregie.qc.ca\\\/en\\\/#website\",\"url\":\"https:\\\/\\\/www.tourisme-monteregie.qc.ca\\\/en\\\/\",\"name\":\"Tourisme Mont\u00e9r\u00e9gie\",\"description\":\"\",\"publisher\":{\"@id\":\"https:\\\/\\\/www.tourisme-monteregie.qc.ca\\\/en\\\/#organization\"},\"potentialAction\":[{\"@type\":\"SearchAction\",\"target\":{\"@type\":\"EntryPoint\",\"urlTemplate\":\"https:\\\/\\\/www.tourisme-monteregie.qc.ca\\\/en\\\/?s={search_term_string}\"},\"query-input\":{\"@type\":\"PropertyValueSpecification\",\"valueRequired\":true,\"valueName\":\"search_term_string\"}}],\"inLanguage\":\"en-CA\"},{\"@type\":\"Organization\",\"@id\":\"https:\\\/\\\/www.tourisme-monteregie.qc.ca\\\/en\\\/#organization\",\"name\":\"Tourisme Mont\u00e9r\u00e9gie\",\"url\":\"https:\\\/\\\/www.tourisme-monteregie.qc.ca\\\/en\\\/\",\"logo\":{\"@type\":\"ImageObject\",\"inLanguage\":\"en-CA\",\"@id\":\"https:\\\/\\\/www.tourisme-monteregie.qc.ca\\\/en\\\/#\\\/schema\\\/logo\\\/image\\\/\",\"url\":\"https:\\\/\\\/www.tourisme-monteregie.qc.ca\\\/wp-content\\\/uploads\\\/2025\\\/02\\\/cropped-android-chrome-256x256-1.png\",\"contentUrl\":\"https:\\\/\\\/www.tourisme-monteregie.qc.ca\\\/wp-content\\\/uploads\\\/2025\\\/02\\\/cropped-android-chrome-256x256-1.png\",\"width\":512,\"height\":512,\"caption\":\"Tourisme Mont\u00e9r\u00e9gie\"},\"image\":{\"@id\":\"https:\\\/\\\/www.tourisme-monteregie.qc.ca\\\/en\\\/#\\\/schema\\\/logo\\\/image\\\/\"},\"sameAs\":[\"https:\\\/\\\/www.facebook.com\\\/tourisme.monteregie\",\"https:\\\/\\\/x.com\\\/tourmonteregie\",\"https:\\\/\\\/www.instagram.com\\\/tourismemonteregie\\\/\",\"https:\\\/\\\/www.pinterest.ca\\\/tourmonteregie\",\"https:\\\/\\\/www.youtube.com\\\/user\\\/tourismemonteregie\",\"https:\\\/\\\/www.linkedin.com\\\/company\\\/tourisme-monteregie\\\/\"]}]}<\/script>\n<!-- \/ Yoast SEO plugin. -->","yoast_head_json":{"title":"R\u00c9GATES DE VALLEYFIELD | Tourisme Mont\u00e9r\u00e9gie","description":"This world-class sports and culture festival presents hydroplane races featuring eight boat categories and top speeds of 250 km\/h (155 mph). On the","robots":{"index":"index","follow":"follow","max-snippet":"max-snippet:-1","max-image-preview":"max-image-preview:large","max-video-preview":"max-video-preview:-1"},"canonical":"https:\/\/www.tourisme-monteregie.qc.ca\/en\/event\/regates-de-valleyfield\/","og_locale":"en_US","og_type":"article","og_title":"R\u00c9GATES DE VALLEYFIELD | Tourisme Mont\u00e9r\u00e9gie","og_description":"This world-class sports and culture festival presents hydroplane races featuring eight boat categories and top speeds of 250 km\/h (155 mph). On the","og_url":"https:\/\/www.tourisme-monteregie.qc.ca\/en\/event\/regates-de-valleyfield\/","og_site_name":"Tourisme Mont\u00e9r\u00e9gie","article_publisher":"https:\/\/www.facebook.com\/tourisme.monteregie","article_modified_time":"2026-04-02T04:01:02+00:00","og_image":[{"width":1200,"height":630,"url":"https:\/\/www.tourisme-monteregie.qc.ca\/wp-content\/uploads\/2025\/02\/share-facebook.png","type":"image\/png"}],"twitter_card":"summary_large_image","twitter_site":"@tourmonteregie","schema":{"@context":"https:\/\/schema.org","@graph":[{"@type":"WebPage","@id":"https:\/\/www.tourisme-monteregie.qc.ca\/en\/event\/regates-de-valleyfield\/","url":"https:\/\/www.tourisme-monteregie.qc.ca\/en\/event\/regates-de-valleyfield\/","name":"R\u00c9GATES DE VALLEYFIELD | Tourisme Mont\u00e9r\u00e9gie","isPartOf":{"@id":"https:\/\/www.tourisme-monteregie.qc.ca\/en\/#website"},"datePublished":"2025-03-25T21:25:17+00:00","dateModified":"2026-04-02T04:01:02+00:00","description":"This world-class sports and culture festival presents hydroplane races featuring eight boat categories and top speeds of 250 km\/h (155 mph). On the","breadcrumb":{"@id":"https:\/\/www.tourisme-monteregie.qc.ca\/en\/event\/regates-de-valleyfield\/#breadcrumb"},"inLanguage":"en-CA","potentialAction":[{"@type":"ReadAction","target":["https:\/\/www.tourisme-monteregie.qc.ca\/en\/event\/regates-de-valleyfield\/"]}]},{"@type":"BreadcrumbList","@id":"https:\/\/www.tourisme-monteregie.qc.ca\/en\/event\/regates-de-valleyfield\/#breadcrumb","itemListElement":[{"@type":"ListItem","position":1,"name":"Accueil","item":"https:\/\/www.tourisme-monteregie.qc.ca\/en\/accueil\/"},{"@type":"ListItem","position":2,"name":"R\u00c9GATES DE VALLEYFIELD"}]},{"@type":"WebSite","@id":"https:\/\/www.tourisme-monteregie.qc.ca\/en\/#website","url":"https:\/\/www.tourisme-monteregie.qc.ca\/en\/","name":"Tourisme Mont\u00e9r\u00e9gie","description":"","publisher":{"@id":"https:\/\/www.tourisme-monteregie.qc.ca\/en\/#organization"},"potentialAction":[{"@type":"SearchAction","target":{"@type":"EntryPoint","urlTemplate":"https:\/\/www.tourisme-monteregie.qc.ca\/en\/?s={search_term_string}"},"query-input":{"@type":"PropertyValueSpecification","valueRequired":true,"valueName":"search_term_string"}}],"inLanguage":"en-CA"},{"@type":"Organization","@id":"https:\/\/www.tourisme-monteregie.qc.ca\/en\/#organization","name":"Tourisme Mont\u00e9r\u00e9gie","url":"https:\/\/www.tourisme-monteregie.qc.ca\/en\/","logo":{"@type":"ImageObject","inLanguage":"en-CA","@id":"https:\/\/www.tourisme-monteregie.qc.ca\/en\/#\/schema\/logo\/image\/","url":"https:\/\/www.tourisme-monteregie.qc.ca\/wp-content\/uploads\/2025\/02\/cropped-android-chrome-256x256-1.png","contentUrl":"https:\/\/www.tourisme-monteregie.qc.ca\/wp-content\/uploads\/2025\/02\/cropped-android-chrome-256x256-1.png","width":512,"height":512,"caption":"Tourisme Mont\u00e9r\u00e9gie"},"image":{"@id":"https:\/\/www.tourisme-monteregie.qc.ca\/en\/#\/schema\/logo\/image\/"},"sameAs":["https:\/\/www.facebook.com\/tourisme.monteregie","https:\/\/x.com\/tourmonteregie","https:\/\/www.instagram.com\/tourismemonteregie\/","https:\/\/www.pinterest.ca\/tourmonteregie","https:\/\/www.youtube.com\/user\/tourismemonteregie","https:\/\/www.linkedin.com\/company\/tourisme-monteregie\/"]}]}},"_links":{"self":[{"href":"https:\/\/www.tourisme-monteregie.qc.ca\/en\/wp-json\/wp\/v2\/cpt_event\/88853","targetHints":{"allow":["GET"]}}],"collection":[{"href":"https:\/\/www.tourisme-monteregie.qc.ca\/en\/wp-json\/wp\/v2\/cpt_event"}],"about":[{"href":"https:\/\/www.tourisme-monteregie.qc.ca\/en\/wp-json\/wp\/v2\/types\/cpt_event"}],"wp:attachment":[{"href":"https:\/\/www.tourisme-monteregie.qc.ca\/en\/wp-json\/wp\/v2\/media?parent=88853"}],"wp:term":[{"taxonomy":"ctx_event-featured-month","embeddable":true,"href":"https:\/\/www.tourisme-monteregie.qc.ca\/en\/wp-json\/wp\/v2\/ctx_event-featured-month?post=88853"},{"taxonomy":"ctx_member-type","embeddable":true,"href":"https:\/\/www.tourisme-monteregie.qc.ca\/en\/wp-json\/wp\/v2\/ctx_member-type?post=88853"},{"taxonomy":"event-categorie","embeddable":true,"href":"https:\/\/www.tourisme-monteregie.qc.ca\/en\/wp-json\/wp\/v2\/event-categorie?post=88853"}],"curies":[{"name":"wp","href":"https:\/\/api.w.org\/{rel}","templated":true}]}}